{"id":2329,"date":"2024-09-16T18:22:20","date_gmt":"2024-09-16T16:22:20","guid":{"rendered":"https:\/\/acsweb.it\/?page_id=2329"},"modified":"2025-11-11T18:00:38","modified_gmt":"2025-11-11T17:00:38","slug":"data-protection-governance-framework","status":"publish","type":"page","link":"https:\/\/acsweb.it\/index.php\/data-protection-governance-framework\/","title":{"rendered":"DATA PROTECTION &amp; GOVERNANCE FRAMEWORK\u00ae"},"content":{"rendered":"\n<h2 class=\"wp-block-heading has-text-align-center\">IL QUADRO NORMATIVO<\/h2>\n\n\n\n<p class=\"wp-block-paragraph\">Il Regolamento (UE) 2016\/679, rappresenta una pietra miliare nella protezione dei dati personali in un&#8217;epoca in cui la tecnologia e l&#8217;uso di dati personali sono diventati elementi centrali nella vita quotidiana e nell&#8217;economia.<br>Il GDPR pu\u00f2 essere interpretato come un \u201cfoglio bianco\u201d nel quale sono definiti solo i margini entro cui le organizzazioni possono \u201cdisegnare\u201d i loro processi di funzionamento, avendo quindi la libert\u00e0 di definire il modello di gestione che pi\u00f9 si adatta alle esigenze specifiche.<\/p>\n\n\n\n<div style=\"height:30px\" aria-hidden=\"true\" class=\"wp-block-spacer\"><\/div>\n\n\n\n<p class=\"has-text-align-center has-text-color has-link-color wp-elements-1 wp-block-paragraph\" style=\"border-width:1px;color:#01137f\"><strong>Non si parla pi\u00f9 di oneri formali legati alla \u201cprivacy\u201d,<\/strong><br><strong>ma di oneri sostanziali legati alla &#8220;protezione dei dati personali&#8221;.<\/strong><\/p>\n\n\n\n<div style=\"height:30px\" aria-hidden=\"true\" class=\"wp-block-spacer\"><\/div>\n\n\n\n<p class=\"wp-block-paragraph\">La Direttiva NIS 2 (Network and Information Security 2) ha come scopo principale quello di rafforzare la sicurezza informatica nell\u2019Unione, in risposta alle crescenti minacce.<\/p>\n\n\n\n<p class=\"wp-block-paragraph\">I principi cardine di questa normativa sono:<\/p>\n\n\n\n<ul class=\"wp-block-list\">\n<li>approccio di valutazione basato sul rischio<\/li>\n\n\n\n<li>adozione di misure tecniche e organizzative appropriate<\/li>\n\n\n\n<li>responsabilit\u00e0 diretta degli organi di gestione (management)<\/li>\n\n\n\n<li>obbligo di formazione<\/li>\n\n\n\n<li>estensione alla sicurezza della supply chain<\/li>\n<\/ul>\n\n\n\n<div style=\"height:30px\" aria-hidden=\"true\" class=\"wp-block-spacer\"><\/div>\n\n\n\n<p class=\"has-text-align-center has-text-color has-link-color wp-elements-2 wp-block-paragraph\" style=\"border-width:1px;color:#01137f\"><strong>Se non sono direttamente soggetto a NIS 2, ma lo sono uno o pi\u00f9 clienti,<\/strong> <strong>dovr\u00f2 aspettarmi che vengano analizzati e valutati<\/strong><br><strong>i miei comportamenti e processi<\/strong>.<\/p>\n\n\n\n<div style=\"height:30px\" aria-hidden=\"true\" class=\"wp-block-spacer\"><\/div>\n\n\n\n<p class=\"wp-block-paragraph\">Il GDPR e la NIS 2, pur avendo approcci diversi, condividono l&#8217;obiettivo di migliorare la sicurezza e la protezione delle informazioni nell&#8217;Unione Europea.<br>Entrambi i regolamenti contribuiscono a creare un ambiente digitale pi\u00f9 sicuro e affidabile, affrontando aspetti complementari della protezione dei dati e sicurezza informatica.<\/p>\n\n\n\n<div style=\"height:30px\" aria-hidden=\"true\" class=\"wp-block-spacer\"><\/div>\n\n\n\n<p class=\"has-text-align-center has-text-color has-link-color wp-elements-3 wp-block-paragraph\" style=\"border-width:1px;color:#01137f\"><strong>La NIS 2 quindi pu\u00f2 essere rappresentata come un naturale<\/strong> <strong>complemento del GDPR poich\u00e9 estende il campo applicativo<\/strong><br><strong>della protezione dai dati personali ai dati e informazioni in generale.<\/strong><\/p>\n\n\n\n<h2 class=\"wp-block-heading has-text-align-center\">IL MODELLO ORGANIZZATIVO<\/h2>\n\n\n\n<div style=\"height:30px\" aria-hidden=\"true\" class=\"wp-block-spacer\"><\/div>\n\n\n\n<figure class=\"wp-block-image aligncenter size-full is-resized\"><img loading=\"lazy\" decoding=\"async\" width=\"959\" height=\"848\" src=\"https:\/\/acsweb.it\/wp-content\/uploads\/2025\/11\/Logo-Data-Protection-Governance-Framework_registrato-1.png\" alt=\"\" class=\"wp-image-2553\" style=\"width:450px\" srcset=\"https:\/\/acsweb.it\/wp-content\/uploads\/2025\/11\/Logo-Data-Protection-Governance-Framework_registrato-1.png 959w, https:\/\/acsweb.it\/wp-content\/uploads\/2025\/11\/Logo-Data-Protection-Governance-Framework_registrato-1-300x265.png 300w\" sizes=\"auto, (max-width: 959px) 100vw, 959px\" \/><\/figure>\n\n\n\n<p class=\"has-text-align-center wp-block-paragraph\">Il DPGF<sup>\u00ae<\/sup> \u00e8 un modello organizzativo integrato e scalabile che viene adattato ad ogni realt\u00e0 aziendale in grado di valutare, gestire e monitorare la maturit\u00e0 dei processi e dei comportamenti aziendali in ottica di protezione dei dati e delle informazioni, personali e non.<\/p>\n\n\n\n<div style=\"height:30px\" aria-hidden=\"true\" class=\"wp-block-spacer\"><\/div>\n\n\n\n<h2 class=\"wp-block-heading has-text-align-center\">IL FRAMEWORK<\/h2>\n\n\n\n<figure class=\"wp-block-image aligncenter size-full is-resized\"><img loading=\"lazy\" decoding=\"async\" width=\"567\" height=\"424\" src=\"http:\/\/acsweb.it\/wp-content\/uploads\/2024\/09\/Framework.png\" alt=\"\" class=\"wp-image-2335\" style=\"width:450px\" srcset=\"https:\/\/acsweb.it\/wp-content\/uploads\/2024\/09\/Framework.png 567w, https:\/\/acsweb.it\/wp-content\/uploads\/2024\/09\/Framework-300x224.png 300w\" sizes=\"auto, (max-width: 567px) 100vw, 567px\" \/><\/figure>\n\n\n\n<p class=\"has-text-align-center wp-block-paragraph\">Il nostro team avr\u00e0 il compito di accompagnare e guidare l\u2019azienda nel <strong>processo<\/strong> e nel <strong>mantenimento continuo<\/strong> del modello organizzativo configurato.<\/p>\n\n\n\n<div style=\"height:40px\" aria-hidden=\"true\" class=\"wp-block-spacer\"><\/div>\n\n\n\n<p class=\"has-text-align-center wp-block-paragraph\"><strong>Scarica la nostra brochure<\/strong><\/p>\n\n\n\n<div class=\"wp-block-buttons is-content-justification-center is-layout-flex wp-container-core-buttons-is-layout-d61d70aa wp-block-buttons-is-layout-flex\">\n<div class=\"wp-block-button\"><a class=\"wp-block-button__link has-background wp-element-button\" href=\"http:\/\/acsweb.it\/wp-content\/uploads\/2024\/09\/Brochure-DPGF-REV-1_0_5.pdf\" style=\"border-style:none;border-width:0px;border-radius:100px;background-color:#01137f\" target=\"_blank\" rel=\"noreferrer noopener\">Download<\/a><\/div>\n<\/div>\n\n\n\n<div style=\"height:40px\" aria-hidden=\"true\" class=\"wp-block-spacer\"><\/div>\n","protected":false},"excerpt":{"rendered":"<p>IL QUADRO NORMATIVO Il Regolamento (UE) 2016\/679, rappresenta una pietra miliare nella protezione dei dati personali in un&#8217;epoca in cui la tecnologia e l&#8217;uso di dati personali sono diventati elementi centrali nella vita quotidiana e nell&#8217;economia.Il GDPR pu\u00f2 essere interpretato come un \u201cfoglio bianco\u201d nel quale sono definiti solo i margini entro cui le organizzazioni &hellip; <\/p>\n<p class=\"link-more\"><a href=\"https:\/\/acsweb.it\/index.php\/data-protection-governance-framework\/\" class=\"more-link\">Leggi tutto<span class=\"screen-reader-text\"> &#8220;DATA PROTECTION &amp; GOVERNANCE FRAMEWORK\u00ae&#8221;<\/span><\/a><\/p>\n","protected":false},"author":3,"featured_media":2332,"parent":0,"menu_order":0,"comment_status":"closed","ping_status":"closed","template":"","meta":{"footnotes":""},"class_list":["post-2329","page","type-page","status-publish","has-post-thumbnail","hentry"],"_links":{"self":[{"href":"https:\/\/acsweb.it\/index.php\/wp-json\/wp\/v2\/pages\/2329","targetHints":{"allow":["GET"]}}],"collection":[{"href":"https:\/\/acsweb.it\/index.php\/wp-json\/wp\/v2\/pages"}],"about":[{"href":"https:\/\/acsweb.it\/index.php\/wp-json\/wp\/v2\/types\/page"}],"author":[{"embeddable":true,"href":"https:\/\/acsweb.it\/index.php\/wp-json\/wp\/v2\/users\/3"}],"replies":[{"embeddable":true,"href":"https:\/\/acsweb.it\/index.php\/wp-json\/wp\/v2\/comments?post=2329"}],"version-history":[{"count":6,"href":"https:\/\/acsweb.it\/index.php\/wp-json\/wp\/v2\/pages\/2329\/revisions"}],"predecessor-version":[{"id":2556,"href":"https:\/\/acsweb.it\/index.php\/wp-json\/wp\/v2\/pages\/2329\/revisions\/2556"}],"wp:featuredmedia":[{"embeddable":true,"href":"https:\/\/acsweb.it\/index.php\/wp-json\/wp\/v2\/media\/2332"}],"wp:attachment":[{"href":"https:\/\/acsweb.it\/index.php\/wp-json\/wp\/v2\/media?parent=2329"}],"curies":[{"name":"wp","href":"https:\/\/api.w.org\/{rel}","templated":true}]}}